{"id":449,"date":"2015-02-27T00:04:55","date_gmt":"2015-02-27T05:04:55","guid":{"rendered":"http:\/\/csim.ca\/wp\/?page_id=449"},"modified":"2026-02-25T13:36:35","modified_gmt":"2026-02-25T18:36:35","slug":"conferences","status":"publish","type":"page","link":"https:\/\/csim.ca\/fr\/education\/conferences\/","title":{"rendered":"Conf\u00e9rences de la SCMI"},"content":{"rendered":"<p>[et_pb_section fb_built=\u00a0\u00bb1&Prime; disabled_on=\u00a0\u00bbon|on|on\u00a0\u00bb admin_label=\u00a0\u00bbsection\u00a0\u00bb module_class=\u00a0\u00bbhomecontent\u00a0\u00bb _builder_version=\u00a0\u00bb4.16&Prime; background_color=\u00a0\u00bbrgba(255,255,255,0)\u00a0\u00bb transparent_background=\u00a0\u00bbon\u00a0\u00bb disabled=\u00a0\u00bbon\u00a0\u00bb global_colors_info=\u00a0\u00bb{}\u00a0\u00bb][et_pb_row admin_label=\u00a0\u00bbrow\u00a0\u00bb _builder_version=\u00a0\u00bb4.16&Prime; background_size=\u00a0\u00bbinitial\u00a0\u00bb background_position=\u00a0\u00bbtop_left\u00a0\u00bb background_repeat=\u00a0\u00bbrepeat\u00a0\u00bb global_colors_info=\u00a0\u00bb{}\u00a0\u00bb][et_pb_column type=\u00a0\u00bb4_4&Prime; _builder_version=\u00a0\u00bb4.16&Prime; custom_padding=\u00a0\u00bb|||\u00a0\u00bb global_colors_info=\u00a0\u00bb{}\u00a0\u00bb custom_padding__hover=\u00a0\u00bb|||\u00a0\u00bb][et_pb_text admin_label=\u00a0\u00bbMain Content Area\u00a0\u00bb _builder_version=\u00a0\u00bb4.16&Prime; background_size=\u00a0\u00bbinitial\u00a0\u00bb background_position=\u00a0\u00bbtop_left\u00a0\u00bb background_repeat=\u00a0\u00bbrepeat\u00a0\u00bb use_border_color=\u00a0\u00bboff\u00a0\u00bb border_color=\u00a0\u00bb#ffffff\u00a0\u00bb border_style=\u00a0\u00bbsolid\u00a0\u00bb global_colors_info=\u00a0\u00bb{}\u00a0\u00bb]\n<table id=\"tablepress-7\" class=\"tablepress tablepress-id-7 tbody-has-connected-cells\">\n<tbody>\n<tr class=\"row-1\">\n\t<td colspan=\"3\" class=\"column-1\"><h1>R\u00e9unions \u00e0 venir<\/h1><\/td>\n<\/tr>\n<tr class=\"row-2\">\n\t<td class=\"column-1\"><strong>Automne 2020 - printemps 2021<\/strong><\/td><td class=\"column-2\"><strong>2021<\/strong><\/td><td class=\"column-3\"><strong>2022<\/strong><\/td>\n<\/tr>\n<tr class=\"row-3\">\n\t<td class=\"column-1\"><img loading=\"lazy\" decoding=\"async\" src=\"https:\/\/csim.ca\/wp-content\/uploads\/documents\/meeting2020\/VirtualEducation.png\" alt=\"CSIM internal medicine quebec city conference\" width=\"247\" height=\"163\" class=\"aligncenter size-full wp-image-133\" \/><\/td><td class=\"column-2\"><img loading=\"lazy\" decoding=\"async\" src=\"https:\/\/csim.ca\/wp-content\/uploads\/2021\/02\/2021virtualmeeting.png\" width=\"247\" height=\"163\" class=\"aligncenter size-full wp-image-133\" \/><\/td><td class=\"column-3\"><img loading=\"lazy\" decoding=\"async\" src=\"https:\/\/csim.ca\/wp-content\/uploads\/documents\/meeting2022\/victoria.jpg\" alt=\"CSIM Victoria BC 2022\" width=\"247\" height=\"164\" class=\"aligncenter size-full wp-image-133\" \/><\/td>\n<\/tr>\n<tr class=\"row-4\">\n\t<td class=\"column-1\"><b><a href=\"https:\/\/csim.ca\/fr\/reunions\/csim-annual-meeting-2020\/\">Cliquez ici<\/a> pour plus de d\u00e9tails sur les s\u00e9ances virtuelles.<\/b><\/p><\/td><td class=\"column-2\"><h4>Congr\u00e8s annuel de la SCMI 2021<\/h4><p>Pr\u00e9sent\u00e9 virtuellement<br>Automne 2021<\/p><\/td><td class=\"column-3\"><h4>Congr\u00e8s annuel de la SCMI 2022<\/h4><p>Centre des congr\u00e8s de Victoria<br>Victoria (CB)<br>du 12 au 15 octobre 2022<\/p><\/td>\n<\/tr>\n<tr class=\"row-5\">\n\t<td class=\"column-1\"><\/td><td class=\"column-2\"><\/td><td class=\"column-3\"><\/td>\n<\/tr>\n<tr class=\"row-6\">\n\t<td colspan=\"3\" class=\"column-1\"><h1>R\u00e9unions pr\u00e9c\u00e9dentes<\/h1><\/td>\n<\/tr>\n<tr class=\"row-7\">\n\t<td class=\"column-1\"><strong>2017<\/strong><\/td><td class=\"column-2\"><strong>2018<\/strong><\/td><td class=\"column-3\"><strong>2019<\/strong><\/td>\n<\/tr>\n<tr class=\"row-8\">\n\t<td class=\"column-1\"><a href=\"https:\/\/csim.ca\/fr\/reunions\/congres-annuel-2017\/\"><img loading=\"lazy\" decoding=\"async\" src=\"https:\/\/csim.ca\/wp-content\/uploads\/2015\/02\/csim-toronto-conference.jpg\" alt=\"internal medicine toronto conference\" width=\"247\" height=\"163\" class=\"aligncenter size-full wp-image-133\" \/><\/a><\/td><td class=\"column-2\"><a href=\"https:\/\/csim.ca\/fr\/reunions\/csim-annual-meeting-2018\/\"><img loading=\"lazy\" decoding=\"async\" src=\"https:\/\/csim.ca\/wp-content\/uploads\/2015\/02\/banff.jpg\" alt=\"CSIM banff conference\" width=\"247\" height=\"163\" class=\"aligncenter size-full wp-image-133\" \/><\/a><\/td><td class=\"column-3\"><a href=\"https:\/\/csim.ca\/fr\/reunions\/csim-annual-meeting-2019\/\"><img loading=\"lazy\" decoding=\"async\" src=\"https:\/\/csim.ca\/wp-content\/uploads\/2015\/02\/Peggys Cove and benchSM.jpg\" alt=\"CSIM Halifax Meeting\" width=\"247\" height=\"163\" class=\"aligncenter size-full wp-image-133\" \/><\/a><\/td>\n<\/tr>\n<tr class=\"row-9\">\n\t<td class=\"column-1\"><h4><a href=\"https:\/\/csim.ca\/fr\/reunions\/congres-annuel-2017\/\">Congr\u00e8s annuel de la SCMI 2017<\/a><\/h4><br \/>\nHyatt Toronto<br>Toronto (ON)<br>Du 1 au 4 novembre 2017<\/p><\/td><td class=\"column-2\"><h4><a href=\"https:\/\/csim.ca\/fr\/reunions\/csim-annual-meeting-2018\/\">Congr\u00e8s annuel de la SCMI 2018<\/a><\/h4><br \/>\nBanff Centre<br>Banff (AB)<br>Du 10 au 13 octobre 2018<\/p><\/td><td class=\"column-3\"><h4><a href=\"https:\/\/csim.ca\/fr\/reunions\/csim-annual-meeting-2019\/\">Congr\u00e8s annuel de la SCMI 2019<\/a><\/h4><br \/>\nHalifax Convention Centre<br>Halifax (NE)<br>Du 2 au 5 octobre 2019<\/p><\/td>\n<\/tr>\n<\/tbody>\n<\/table>\n<br \/>\n[\/et_pb_text][\/et_pb_column][\/et_pb_row][\/et_pb_section][et_pb_section fb_built=\u00a0\u00bb1&Prime; _builder_version=\u00a0\u00bb4.16&Prime; _module_preset=\u00a0\u00bbdefault\u00a0\u00bb global_colors_info=\u00a0\u00bb{}\u00a0\u00bb][et_pb_row _builder_version=\u00a0\u00bb4.16&Prime; _module_preset=\u00a0\u00bbdefault\u00a0\u00bb global_colors_info=\u00a0\u00bb{}\u00a0\u00bb][et_pb_column type=\u00a0\u00bb4_4&Prime; _builder_version=\u00a0\u00bb4.16&Prime; _module_preset=\u00a0\u00bbdefault\u00a0\u00bb global_colors_info=\u00a0\u00bb{}\u00a0\u00bb][et_pb_text _builder_version=\u00a0\u00bb4.27.4&Prime; _module_preset=\u00a0\u00bbdefault\u00a0\u00bb global_colors_info=\u00a0\u00bb{}\u00a0\u00bb]<\/p>\n<h1>Congr\u00e8s annuel<\/h1>\n<p>[\/et_pb_text][\/et_pb_column][\/et_pb_row][et_pb_row column_structure=\u00a0\u00bb1_3,1_3,1_3&Prime; _builder_version=\u00a0\u00bb4.27.4&Prime; _module_preset=\u00a0\u00bbdefault\u00a0\u00bb custom_margin=\u00a0\u00bb-30px||||false|false\u00a0\u00bb global_colors_info=\u00a0\u00bb{}\u00a0\u00bb][et_pb_column type=\u00a0\u00bb1_3&Prime; _builder_version=\u00a0\u00bb4.16&Prime; _module_preset=\u00a0\u00bbdefault\u00a0\u00bb global_colors_info=\u00a0\u00bb{}\u00a0\u00bb][et_pb_text admin_label=\u00a0\u00bb2026&Prime; _builder_version=\u00a0\u00bb4.27.4&Prime; _module_preset=\u00a0\u00bbdefault\u00a0\u00bb hover_enabled=\u00a0\u00bb0&Prime; global_colors_info=\u00a0\u00bb{}\u00a0\u00bb sticky_enabled=\u00a0\u00bb0&Prime;]<\/p>\n<p><a href=\"https:\/\/csim.ca\/fr\/education\/congres-annuel-scmi-2026\/\"><img loading=\"lazy\" decoding=\"async\" class=\"wp-image-19557 aligncenter size-full\" src=\"https:\/\/csim.ca\/wp-content\/uploads\/2024\/05\/Montreal2.jpg\" alt=\"Montreal\" width=\"247\" height=\"164\" \/><\/a><\/p>\n<table>\n<tbody>\n<tr>\n<td>\n<p style=\"text-align: center;\"><strong><a href=\"https:\/\/csim.ca\/fr\/education\/congres-annuel-scmi-2026\/\">Congr\u00e8s annuel de la SCMI 2026<\/a><br \/><\/strong>En collaboration avec la Section du Qu\u00e9bec \u200bde l&rsquo;ACP et l&rsquo;Association des sp\u00e9cialistes en m\u00e9decine interne du Qu\u00e9bec<br \/>Westin Montr\u00e9al<br \/>Montr\u00e9al (QC)<br \/>21 au 23 octobre 2026<\/p>\n<\/td>\n<\/tr>\n<\/tbody>\n<\/table>\n<p>[\/et_pb_text][\/et_pb_column][et_pb_column type=\u00a0\u00bb1_3&Prime; _builder_version=\u00a0\u00bb4.16&Prime; _module_preset=\u00a0\u00bbdefault\u00a0\u00bb global_colors_info=\u00a0\u00bb{}\u00a0\u00bb][et_pb_text admin_label=\u00a0\u00bb2027&Prime; _builder_version=\u00a0\u00bb4.27.4&Prime; _module_preset=\u00a0\u00bbdefault\u00a0\u00bb global_colors_info=\u00a0\u00bb{}\u00a0\u00bb]<\/p>\n<h4><img loading=\"lazy\" decoding=\"async\" class=\"wp-image-22356 aligncenter size-full\" src=\"https:\/\/csim.ca\/wp-content\/uploads\/2025\/10\/MB-HR-Museum.png\" alt=\"\" width=\"247\" height=\"164\" \/><\/h4>\n<table>\n<tbody>\n<tr>\n<td>\n<p style=\"text-align: center;\"><strong>Congr\u00e8s annuel de la SCMI 2027<br \/><\/strong><em>RBC Convention Centre Winnipeg<\/em><br \/>Winnipeg (MB)<br \/>13 au 15 octobre 2027<\/p>\n<\/td>\n<\/tr>\n<\/tbody>\n<\/table>\n<p>[\/et_pb_text][\/et_pb_column][et_pb_column type=\u00a0\u00bb1_3&Prime; _builder_version=\u00a0\u00bb4.16&Prime; _module_preset=\u00a0\u00bbdefault\u00a0\u00bb global_colors_info=\u00a0\u00bb{}\u00a0\u00bb][et_pb_text admin_label=\u00a0\u00bb2027&Prime; _builder_version=\u00a0\u00bb4.27.4&Prime; _module_preset=\u00a0\u00bbdefault\u00a0\u00bb global_colors_info=\u00a0\u00bb{}\u00a0\u00bb]<\/p>\n<p><img loading=\"lazy\" decoding=\"async\" class=\"wp-image-22331 aligncenter size-full\" src=\"https:\/\/csim.ca\/wp-content\/uploads\/2025\/10\/Calgary.jpg\" alt=\"\" width=\"247\" height=\"164\" \/><\/p>\n<table>\n<tbody>\n<tr>\n<td>\n<p style=\"text-align: center;\"><strong>Congr\u00e8s annuel de la SCMI 2028<br \/><\/strong><em>Telus Convention Centre<\/em><br \/>Calgary (AB)<br \/>Du 11 au 18 octobre 2028<\/p>\n<\/td>\n<\/tr>\n<\/tbody>\n<\/table>\n<p>&nbsp;<\/p>\n<p>[\/et_pb_text][\/et_pb_column][\/et_pb_row][et_pb_row column_structure=\u00a0\u00bb1_3,1_3,1_3&Prime; _builder_version=\u00a0\u00bb4.27.4&Prime; _module_preset=\u00a0\u00bbdefault\u00a0\u00bb custom_margin=\u00a0\u00bb-30px||||false|false\u00a0\u00bb global_colors_info=\u00a0\u00bb{}\u00a0\u00bb][et_pb_column type=\u00a0\u00bb1_3&Prime; _builder_version=\u00a0\u00bb4.16&Prime; _module_preset=\u00a0\u00bbdefault\u00a0\u00bb global_colors_info=\u00a0\u00bb{}\u00a0\u00bb][et_pb_text admin_label=\u00a0\u00bb2029&Prime; _builder_version=\u00a0\u00bb4.27.4&Prime; _module_preset=\u00a0\u00bbdefault\u00a0\u00bb hover_enabled=\u00a0\u00bb0&Prime; global_colors_info=\u00a0\u00bb{}\u00a0\u00bb sticky_enabled=\u00a0\u00bb0&Prime;]<\/p>\n<p><img loading=\"lazy\" decoding=\"async\" class=\"wp-image-14703 aligncenter size-medium\" src=\"https:\/\/csim.ca\/wp-content\/uploads\/2022\/10\/Quebec-City-300x200.jpg\" alt=\"\" width=\"247\" height=\"164\" \/><\/p>\n<table>\n<tbody>\n<tr>\n<td>\n<p style=\"text-align: center;\"><strong>Congr\u00e8s annuel de la SCMI 2029<\/strong><br \/>Centre des congr\u00e8s de Qu\u00e9bec<br \/>Qu\u00e9bec (QC)<br \/>Du 8 au 12 octobre 2029<\/p>\n<\/td>\n<\/tr>\n<\/tbody>\n<\/table>\n<p>[\/et_pb_text][\/et_pb_column][et_pb_column type=\u00a0\u00bb1_3&Prime; _builder_version=\u00a0\u00bb4.16&Prime; _module_preset=\u00a0\u00bbdefault\u00a0\u00bb global_colors_info=\u00a0\u00bb{}\u00a0\u00bb][et_pb_text admin_label=\u00a0\u00bb2025&Prime; _builder_version=\u00a0\u00bb4.27.4&Prime; _module_preset=\u00a0\u00bbdefault\u00a0\u00bb global_colors_info=\u00a0\u00bb{}\u00a0\u00bb]<\/p>\n<p><a href=\"https:\/\/csim.ca\/education\/conferences\/csim-annual-meeting-2025\/\"><img loading=\"lazy\" decoding=\"async\" class=\"wp-image-16260 aligncenter size-full\" src=\"https:\/\/csim.ca\/wp-content\/uploads\/2023\/05\/Halifax2025.jpg\" alt=\"\" width=\"247\" height=\"164\" \/><\/a><\/p>\n<table>\n<tbody>\n<tr>\n<td>\n<p style=\"text-align: center;\"><a href=\"https:\/\/csim.ca\/education\/conferences\/csim-annual-meeting-2025\/\"><strong>Congr\u00e8s annuel de la SCMI 2025<\/strong><\/a><br \/>En collaboration avec<em> ACP Atlantic Provinces Chapter<br \/>Halifax Convention Centre<\/em><br \/>Halifax (N.-\u00c9.)<br \/>Du 15 au 17 octobre 2025<\/p>\n<\/td>\n<\/tr>\n<\/tbody>\n<\/table>\n<p>[\/et_pb_text][\/et_pb_column][et_pb_column type=\u00a0\u00bb1_3&Prime; _builder_version=\u00a0\u00bb4.16&Prime; _module_preset=\u00a0\u00bbdefault\u00a0\u00bb global_colors_info=\u00a0\u00bb{}\u00a0\u00bb][\/et_pb_column][\/et_pb_row][\/et_pb_section]<\/p>\n","protected":false},"excerpt":{"rendered":"<p>\n<table id=\"tablepress-7-no-2\" class=\"tablepress tablepress-id-7 tbody-has-connected-cells\">\n<tbody>\n<tr class=\"row-1\">\n\t<td colspan=\"3\" class=\"column-1\"><h1>R\u00e9unions \u00e0 venir<\/h1><\/td>\n<\/tr>\n<tr class=\"row-2\">\n\t<td class=\"column-1\"><strong>Automne 2020 - printemps 2021<\/strong><\/td><td class=\"column-2\"><strong>2021<\/strong><\/td><td class=\"column-3\"><strong>2022<\/strong><\/td>\n<\/tr>\n<tr class=\"row-3\">\n\t<td class=\"column-1\"><img loading=\"lazy\" decoding=\"async\" src=\"https:\/\/csim.ca\/wp-content\/uploads\/documents\/meeting2020\/VirtualEducation.png\" alt=\"CSIM internal medicine quebec city conference\" width=\"247\" height=\"163\" class=\"aligncenter size-full wp-image-133\" \/><\/td><td class=\"column-2\"><img loading=\"lazy\" decoding=\"async\" src=\"https:\/\/csim.ca\/wp-content\/uploads\/2021\/02\/2021virtualmeeting.png\" width=\"247\" height=\"163\" class=\"aligncenter size-full wp-image-133\" \/><\/td><td class=\"column-3\"><img loading=\"lazy\" decoding=\"async\" src=\"https:\/\/csim.ca\/wp-content\/uploads\/documents\/meeting2022\/victoria.jpg\" alt=\"CSIM Victoria BC 2022\" width=\"247\" height=\"164\" class=\"aligncenter size-full wp-image-133\" \/><\/td>\n<\/tr>\n<tr class=\"row-4\">\n\t<td class=\"column-1\"><b><a href=\"https:\/\/csim.ca\/fr\/reunions\/csim-annual-meeting-2020\/\">Cliquez ici<\/a> pour plus de d\u00e9tails sur les s\u00e9ances virtuelles.<\/b><\/p><\/td><td class=\"column-2\"><h4>Congr\u00e8s annuel de la SCMI 2021<\/h4><p>Pr\u00e9sent\u00e9 virtuellement<br>Automne 2021<\/p><\/td><td class=\"column-3\"><h4>Congr\u00e8s annuel de la SCMI 2022<\/h4><p>Centre des congr\u00e8s de Victoria<br>Victoria (CB)<br>du 12 au 15 octobre 2022<\/p><\/td>\n<\/tr>\n<tr class=\"row-5\">\n\t<td class=\"column-1\"><\/td><td class=\"column-2\"><\/td><td class=\"column-3\"><\/td>\n<\/tr>\n<tr class=\"row-6\">\n\t<td colspan=\"3\" class=\"column-1\"><h1>R\u00e9unions pr\u00e9c\u00e9dentes<\/h1><\/td>\n<\/tr>\n<tr class=\"row-7\">\n\t<td class=\"column-1\"><strong>2017<\/strong><\/td><td class=\"column-2\"><strong>2018<\/strong><\/td><td class=\"column-3\"><strong>2019<\/strong><\/td>\n<\/tr>\n<tr class=\"row-8\">\n\t<td class=\"column-1\"><a href=\"https:\/\/csim.ca\/fr\/reunions\/congres-annuel-2017\/\"><img loading=\"lazy\" decoding=\"async\" src=\"https:\/\/csim.ca\/wp-content\/uploads\/2015\/02\/csim-toronto-conference.jpg\" alt=\"internal medicine toronto conference\" width=\"247\" height=\"163\" class=\"aligncenter size-full wp-image-133\" \/><\/a><\/td><td class=\"column-2\"><a href=\"https:\/\/csim.ca\/fr\/reunions\/csim-annual-meeting-2018\/\"><img loading=\"lazy\" decoding=\"async\" src=\"https:\/\/csim.ca\/wp-content\/uploads\/2015\/02\/banff.jpg\" alt=\"CSIM banff conference\" width=\"247\" height=\"163\" class=\"aligncenter size-full wp-image-133\" \/><\/a><\/td><td class=\"column-3\"><a href=\"https:\/\/csim.ca\/fr\/reunions\/csim-annual-meeting-2019\/\"><img loading=\"lazy\" decoding=\"async\" src=\"https:\/\/csim.ca\/wp-content\/uploads\/2015\/02\/Peggys Cove and benchSM.jpg\" alt=\"CSIM Halifax Meeting\" width=\"247\" height=\"163\" class=\"aligncenter size-full wp-image-133\" \/><\/a><\/td>\n<\/tr>\n<tr class=\"row-9\">\n\t<td class=\"column-1\"><h4><a href=\"https:\/\/csim.ca\/fr\/reunions\/congres-annuel-2017\/\">Congr\u00e8s annuel de la SCMI 2017<\/a><\/h4><br \/>\nHyatt Toronto<br>Toronto (ON)<br>Du 1 au 4 novembre 2017<\/p><\/td><td class=\"column-2\"><h4><a href=\"https:\/\/csim.ca\/fr\/reunions\/csim-annual-meeting-2018\/\">Congr\u00e8s annuel de la SCMI 2018<\/a><\/h4><br \/>\nBanff Centre<br>Banff (AB)<br>Du 10 au 13 octobre 2018<\/p><\/td><td class=\"column-3\"><h4><a href=\"https:\/\/csim.ca\/fr\/reunions\/csim-annual-meeting-2019\/\">Congr\u00e8s annuel de la SCMI 2019<\/a><\/h4><br \/>\nHalifax Convention Centre<br>Halifax (NE)<br>Du 2 au 5 octobre 2019<\/p><\/td>\n<\/tr>\n<\/tbody>\n<\/table>\n Congr\u00e8s annuel Congr\u00e8s annuel de la SCMI 2026En collaboration avec la Section du Qu\u00e9bec \u200bde l&rsquo;ACP et l&rsquo;Association des sp\u00e9cialistes en m\u00e9decine interne du Qu\u00e9becWestin Montr\u00e9alMontr\u00e9al (QC)21 au 23 octobre 2026 Congr\u00e8s annuel de la SCMI 2027RBC Convention Centre WinnipegWinnipeg (MB)13 au 15 octobre 2027 Congr\u00e8s annuel de la SCMI 2028Telus Convention [&hellip;]<\/p>\n","protected":false},"author":2,"featured_media":0,"parent":16835,"menu_order":12,"comment_status":"open","ping_status":"closed","template":"","meta":{"_et_pb_use_builder":"on","_et_pb_old_content":"","_et_gb_content_width":"","_monsterinsights_skip_tracking":false,"_monsterinsights_sitenote_active":false,"_monsterinsights_sitenote_note":"","_monsterinsights_sitenote_category":0,"footnotes":""},"class_list":["post-449","page","type-page","status-publish","hentry"],"_links":{"self":[{"href":"https:\/\/csim.ca\/fr\/wp-json\/wp\/v2\/pages\/449","targetHints":{"allow":["GET"]}}],"collection":[{"href":"https:\/\/csim.ca\/fr\/wp-json\/wp\/v2\/pages"}],"about":[{"href":"https:\/\/csim.ca\/fr\/wp-json\/wp\/v2\/types\/page"}],"author":[{"embeddable":true,"href":"https:\/\/csim.ca\/fr\/wp-json\/wp\/v2\/users\/2"}],"replies":[{"embeddable":true,"href":"https:\/\/csim.ca\/fr\/wp-json\/wp\/v2\/comments?post=449"}],"version-history":[{"count":2,"href":"https:\/\/csim.ca\/fr\/wp-json\/wp\/v2\/pages\/449\/revisions"}],"predecessor-version":[{"id":23054,"href":"https:\/\/csim.ca\/fr\/wp-json\/wp\/v2\/pages\/449\/revisions\/23054"}],"up":[{"embeddable":true,"href":"https:\/\/csim.ca\/fr\/wp-json\/wp\/v2\/pages\/16835"}],"wp:attachment":[{"href":"https:\/\/csim.ca\/fr\/wp-json\/wp\/v2\/media?parent=449"}],"curies":[{"name":"wp","href":"https:\/\/api.w.org\/{rel}","templated":true}]}}