{"id":22537,"date":"2025-12-05T12:50:57","date_gmt":"2025-12-05T17:50:57","guid":{"rendered":"https:\/\/csim.ca\/?page_id=22537"},"modified":"2026-02-05T14:58:02","modified_gmt":"2026-02-05T19:58:02","slug":"laureats-scmi-2025","status":"publish","type":"page","link":"https:\/\/csim.ca\/fr\/prix\/laureats-scmi-2025\/","title":{"rendered":"Laur\u00e9ats des prix de la SCMI 2025"},"content":{"rendered":"<p>[et_pb_section fb_built=\u00a0\u00bb1&Prime; _builder_version=\u00a0\u00bb4.16&Prime; _module_preset=\u00a0\u00bbdefault\u00a0\u00bb custom_padding=\u00a0\u00bb2em||||false|false\u00a0\u00bb global_colors_info=\u00a0\u00bb{}\u00a0\u00bb][et_pb_row _builder_version=\u00a0\u00bb4.16&Prime; _module_preset=\u00a0\u00bbdefault\u00a0\u00bb background_enable_color=\u00a0\u00bboff\u00a0\u00bb global_colors_info=\u00a0\u00bb{}\u00a0\u00bb][et_pb_column type=\u00a0\u00bb4_4&Prime; _builder_version=\u00a0\u00bb4.16&Prime; _module_preset=\u00a0\u00bbdefault\u00a0\u00bb global_colors_info=\u00a0\u00bb{}\u00a0\u00bb][et_pb_text _builder_version=\u00a0\u00bb4.27.4&Prime; header_font=\u00a0\u00bbMerriweather|700||on|||||\u00a0\u00bb header_text_align=\u00a0\u00bbcenter\u00a0\u00bb header_text_color=\u00a0\u00bb#e02b20&Prime; header_font_size=\u00a0\u00bb28px\u00a0\u00bb header_line_height=\u00a0\u00bb1.3em\u00a0\u00bb custom_margin=\u00a0\u00bb||0px|\u00a0\u00bb animation_style=\u00a0\u00bbflip\u00a0\u00bb animation_direction=\u00a0\u00bbtop\u00a0\u00bb global_colors_info=\u00a0\u00bb{}\u00a0\u00bb]<\/p>\n<h1 style=\"text-align: center;\">F\u00e9licitations aux laur\u00e9ats des prix SCMI 2025 !<\/h1>\n<p>[\/et_pb_text][et_pb_divider divider_weight=\u00a0\u00bb2px\u00a0\u00bb _builder_version=\u00a0\u00bb4.20.0&Prime; max_width=\u00a0\u00bb90px\u00a0\u00bb max_width_tablet=\u00a0\u00bb12%\u00a0\u00bb max_width_last_edited=\u00a0\u00bboff|desktop\u00a0\u00bb module_alignment=\u00a0\u00bbcenter\u00a0\u00bb custom_margin=\u00a0\u00bb|||\u00a0\u00bb animation_style=\u00a0\u00bbflip\u00a0\u00bb animation_delay=\u00a0\u00bb50ms\u00a0\u00bb global_colors_info=\u00a0\u00bb{}\u00a0\u00bb][\/et_pb_divider][\/et_pb_column][\/et_pb_row][et_pb_row column_structure=\u00a0\u00bb1_4,3_4&Prime; use_custom_gutter=\u00a0\u00bbon\u00a0\u00bb gutter_width=\u00a0\u00bb4&Prime; make_equal=\u00a0\u00bbon\u00a0\u00bb _builder_version=\u00a0\u00bb4.16&Prime; _module_preset=\u00a0\u00bbdefault\u00a0\u00bb width=\u00a0\u00bb100%\u00a0\u00bb global_colors_info=\u00a0\u00bb{}\u00a0\u00bb][et_pb_column type=\u00a0\u00bb1_4&Prime; _builder_version=\u00a0\u00bb4.16&Prime; _module_preset=\u00a0\u00bbdefault\u00a0\u00bb global_colors_info=\u00a0\u00bb{}\u00a0\u00bb][et_pb_divider _builder_version=\u00a0\u00bb4.16&Prime; _module_preset=\u00a0\u00bbdefault\u00a0\u00bb global_colors_info=\u00a0\u00bb{}\u00a0\u00bb][\/et_pb_divider][et_pb_image src=\u00a0\u00bbhttps:\/\/csim.ca\/wp-content\/uploads\/2025\/12\/Douketis-James-1.jpg\u00a0\u00bb alt=\u00a0\u00bbDr Vincent Chien\u00a0\u00bb title_text=\u00a0\u00bbDouketis, James\u00a0\u00bb _builder_version=\u00a0\u00bb4.27.4&Prime; _module_preset=\u00a0\u00bbdefault\u00a0\u00bb global_colors_info=\u00a0\u00bb{}\u00a0\u00bb][\/et_pb_image][\/et_pb_column][et_pb_column type=\u00a0\u00bb3_4&Prime; _builder_version=\u00a0\u00bb4.16&Prime; _module_preset=\u00a0\u00bbdefault\u00a0\u00bb global_colors_info=\u00a0\u00bb{}\u00a0\u00bb][et_pb_divider _builder_version=\u00a0\u00bb4.16&Prime; _module_preset=\u00a0\u00bbdefault\u00a0\u00bb global_colors_info=\u00a0\u00bb{}\u00a0\u00bb][\/et_pb_divider][et_pb_text admin_label=\u00a0\u00bb GIM award\u00a0\u00bb _builder_version=\u00a0\u00bb4.27.4&Prime; header_font=\u00a0\u00bbMerriweather|700||on|||||\u00a0\u00bb header_text_align=\u00a0\u00bbcenter\u00a0\u00bb header_text_color=\u00a0\u00bb#e02b20&Prime; header_font_size=\u00a0\u00bb28px\u00a0\u00bb header_line_height=\u00a0\u00bb1.3em\u00a0\u00bb custom_margin=\u00a0\u00bb||0px|\u00a0\u00bb animation_style=\u00a0\u00bbflip\u00a0\u00bb animation_direction=\u00a0\u00bbtop\u00a0\u00bb global_colors_info=\u00a0\u00bb{}\u00a0\u00bb]<\/p>\n<h4>Dr James Douketis<br \/>Prix en reconnaissance d\u2019\u00e9minents services rendus en m\u00e9decine interne g\u00e9n\u00e9rale 2025<\/h4>\n<p><em>Dr. James Douketis is Staff Physician in General Internal Medicine and Thromboembolism at St. Joseph\u2019s Healthcare Hamilton. He is Professor of Medicine and holds the David Braley-Nancy Gordon Chair in Thromboembolic Disease at McMaster University.<\/em><\/p>\n<div class='et-learn-more clearfix'>\n\t\t\t\t\t<h3 class='heading-more'>Biographie compl\u00e8te<span class='et_learnmore_arrow'><span><\/span><\/span><\/h3>\n\t\t\t\t\t<div class='learn-more-content'><em>He received his M.D. and did internal medicine at the University of Toronto, followed by a thrombosis fellowship at McMaster University. His research includes perioperative anticoagulant management and related guideline development, and the prevention, treatment and prognosis of patients with venous thromboembolism. He has 460 peer-reviewed publications with an <u>h-index=109<\/u>, i-index=350, and ~113K citations (May 2025).<\/em><\/p>\n<p><em>He is a Fellow of the Canadian Academy of Health Science, holds leadership positions in national and international thrombosis societies, and has several editorial roles in thrombosis and internal medicine journals.<\/em><\/p>\n<p><em>Jim lives in Hamilton, Ontario with his wife, Dr. Margaret Nowaczyk, a clinical geneticist, has two sons, Jack and Luke, and is a cellist with the Burlington Symphony Orchestra.<\/em><\/div>\n\t\t\t\t<\/div>\n<p>[\/et_pb_text][\/et_pb_column][\/et_pb_row][et_pb_row column_structure=\u00a0\u00bb1_4,3_4&Prime; use_custom_gutter=\u00a0\u00bbon\u00a0\u00bb gutter_width=\u00a0\u00bb4&Prime; make_equal=\u00a0\u00bbon\u00a0\u00bb _builder_version=\u00a0\u00bb4.20.0&Prime; _module_preset=\u00a0\u00bbdefault\u00a0\u00bb width=\u00a0\u00bb100%\u00a0\u00bb global_colors_info=\u00a0\u00bb{}\u00a0\u00bb][et_pb_column type=\u00a0\u00bb1_4&Prime; _builder_version=\u00a0\u00bb4.16&Prime; _module_preset=\u00a0\u00bbdefault\u00a0\u00bb global_colors_info=\u00a0\u00bb{}\u00a0\u00bb][et_pb_divider _builder_version=\u00a0\u00bb4.16&Prime; _module_preset=\u00a0\u00bbdefault\u00a0\u00bb global_colors_info=\u00a0\u00bb{}\u00a0\u00bb][\/et_pb_divider][et_pb_image src=\u00a0\u00bbhttps:\/\/csim.ca\/wp-content\/uploads\/2025\/12\/McAlister-Finlay.jpg\u00a0\u00bb alt=\u00a0\u00bbDr. Michael Kenyon\u00a0\u00bb title_text=\u00a0\u00bbMcAlister, Finlay\u00a0\u00bb _builder_version=\u00a0\u00bb4.27.4&Prime; _module_preset=\u00a0\u00bbdefault\u00a0\u00bb global_colors_info=\u00a0\u00bb{}\u00a0\u00bb][\/et_pb_image][\/et_pb_column][et_pb_column type=\u00a0\u00bb3_4&Prime; _builder_version=\u00a0\u00bb4.16&Prime; _module_preset=\u00a0\u00bbdefault\u00a0\u00bb global_colors_info=\u00a0\u00bb{}\u00a0\u00bb][et_pb_divider _builder_version=\u00a0\u00bb4.16&Prime; _module_preset=\u00a0\u00bbdefault\u00a0\u00bb global_colors_info=\u00a0\u00bb{}\u00a0\u00bb][\/et_pb_divider][et_pb_text admin_label=\u00a0\u00bbGIM award\u00a0\u00bb _builder_version=\u00a0\u00bb4.27.4&Prime; header_font=\u00a0\u00bbMerriweather|700||on|||||\u00a0\u00bb header_text_align=\u00a0\u00bbcenter\u00a0\u00bb header_text_color=\u00a0\u00bb#e02b20&Prime; header_font_size=\u00a0\u00bb28px\u00a0\u00bb header_line_height=\u00a0\u00bb1.3em\u00a0\u00bb custom_margin=\u00a0\u00bb||0px|\u00a0\u00bb animation_style=\u00a0\u00bbflip\u00a0\u00bb animation_direction=\u00a0\u00bbtop\u00a0\u00bb global_colors_info=\u00a0\u00bb{}\u00a0\u00bb]<\/p>\n<h4>Finlay A. McAlister, MD, MSc, FRCPC, FACP, FCAHS<br \/>Prix en reconnaissance d\u2019\u00e9minents services rendus en m\u00e9decine interne g\u00e9n\u00e9rale 2025<\/h4>\n<ul>\n<li><em>Professor, Division of General Internal Medicine, Faculty of Medicine and Dentistry, University of Alberta<\/em><\/li>\n<li><em>Scientific Director, Alberta Strategy for Patient Oriented Research Support Unit<\/em><\/li>\n<\/ul>\n<p><em>Dr. McAlister is a general internist and has attended on the general medicine Clinical Teaching Units at the University of Alberta Hospital and the Mazankowski Alberta Heart Institute Heart Failure Clinic since 1994.\u00a0 He obtained his MD (1990) and completed his general internal medicine residency at the University of Alberta (1994), and did his research training at the Universities of Ottawa and Oxford. \u00a0<\/em><\/p>\n<div class='et-learn-more clearfix'>\n\t\t\t\t\t<h3 class='heading-more'>Biographie compl\u00e8te<span class='et_learnmore_arrow'><span><\/span><\/span><\/h3>\n\t\t\t\t\t<div class='learn-more-content'><em>He has published over 550 manuscripts, has received the Royal College of Physicians and Surgeons of Canada Gold Medal for Research, Senior Investigator Awards from the Canadian Society of Internal Medicine and Hypertension Canada, a Killam Professorship, and is a Fellow of the Canadian Academy of Health Sciences.<\/em><\/p>\n<p><em>He served as President of the Canadian Society of Internal Medicine (2009-2011) and co-chaired the Canadian Hypertension Education Program Guideline Committee and Outcomes Research Task Forces. He has mentored nearly 100 graduate students and junior faculty members in research and academic General Internal Medicine over the past 31 years and has been Scientific Director for the Alberta Strategy for Patient Oriented Research Support Unit since 2020.<\/em><\/div>\n\t\t\t\t<\/div>\n<p>[\/et_pb_text][\/et_pb_column][\/et_pb_row][et_pb_row column_structure=\u00a0\u00bb1_4,3_4&Prime; use_custom_gutter=\u00a0\u00bbon\u00a0\u00bb gutter_width=\u00a0\u00bb4&Prime; make_equal=\u00a0\u00bbon\u00a0\u00bb _builder_version=\u00a0\u00bb4.20.0&Prime; _module_preset=\u00a0\u00bbdefault\u00a0\u00bb width=\u00a0\u00bb100%\u00a0\u00bb global_colors_info=\u00a0\u00bb{}\u00a0\u00bb][et_pb_column type=\u00a0\u00bb1_4&Prime; _builder_version=\u00a0\u00bb4.16&Prime; _module_preset=\u00a0\u00bbdefault\u00a0\u00bb global_colors_info=\u00a0\u00bb{}\u00a0\u00bb][et_pb_divider _builder_version=\u00a0\u00bb4.16&Prime; _module_preset=\u00a0\u00bbdefault\u00a0\u00bb global_colors_info=\u00a0\u00bb{}\u00a0\u00bb][\/et_pb_divider][\/et_pb_column][et_pb_column type=\u00a0\u00bb3_4&Prime; _builder_version=\u00a0\u00bb4.16&Prime; _module_preset=\u00a0\u00bbdefault\u00a0\u00bb global_colors_info=\u00a0\u00bb{}\u00a0\u00bb][et_pb_divider _builder_version=\u00a0\u00bb4.20.0&Prime; _module_preset=\u00a0\u00bbdefault\u00a0\u00bb global_colors_info=\u00a0\u00bb{}\u00a0\u00bb][\/et_pb_divider][et_pb_text admin_label=\u00a0\u00bbAtlantic Mentorship Phys \u00a0\u00bb _builder_version=\u00a0\u00bb4.27.4&Prime; header_font=\u00a0\u00bbMerriweather|700||on|||||\u00a0\u00bb header_text_align=\u00a0\u00bbcenter\u00a0\u00bb header_text_color=\u00a0\u00bb#e02b20&Prime; header_font_size=\u00a0\u00bb28px\u00a0\u00bb header_line_height=\u00a0\u00bb1.3em\u00a0\u00bb custom_margin=\u00a0\u00bb||0px|\u00a0\u00bb animation_style=\u00a0\u00bbflip\u00a0\u00bb animation_direction=\u00a0\u00bbtop\u00a0\u00bb global_colors_info=\u00a0\u00bb{}\u00a0\u00bb]<\/p>\n<h4>Dr Chinmoy Chowdhury<br \/>Prix atlantique en reconnaissance du mentorat exerc\u00e9 2025<\/h4>\n<p><em>Dr. Chinmoy Chowdhury practices in Halifax and has trained at Queen\u2019s University for medical school, Dalhousie University for Internal Medicine and General Internal Medicine subspecialty training and McMaster for fellowship training in perioperative medicine.<\/em><\/p>\n<p><em>He has interests in multimorbidity, perioperative care and resident education and wellness.<\/em><\/p>\n<p>&nbsp;<\/p>\n<p>[\/et_pb_text][\/et_pb_column][\/et_pb_row][et_pb_row column_structure=\u00a0\u00bb1_4,3_4&Prime; use_custom_gutter=\u00a0\u00bbon\u00a0\u00bb gutter_width=\u00a0\u00bb4&Prime; make_equal=\u00a0\u00bbon\u00a0\u00bb _builder_version=\u00a0\u00bb4.20.0&Prime; _module_preset=\u00a0\u00bbdefault\u00a0\u00bb width=\u00a0\u00bb100%\u00a0\u00bb global_colors_info=\u00a0\u00bb{}\u00a0\u00bb][et_pb_column type=\u00a0\u00bb1_4&Prime; _builder_version=\u00a0\u00bb4.16&Prime; _module_preset=\u00a0\u00bbdefault\u00a0\u00bb global_colors_info=\u00a0\u00bb{}\u00a0\u00bb][et_pb_divider _builder_version=\u00a0\u00bb4.16&Prime; _module_preset=\u00a0\u00bbdefault\u00a0\u00bb global_colors_info=\u00a0\u00bb{}\u00a0\u00bb][\/et_pb_divider][et_pb_image src=\u00a0\u00bbhttps:\/\/csim.ca\/wp-content\/uploads\/2025\/12\/MacGregor-Jenna-scaled.jpg\u00a0\u00bb alt=\u00a0\u00bbNatasha Lariv\u00e9e-Relja\u00a0\u00bb title_text=\u00a0\u00bbMacGregor, Jenna\u00a0\u00bb _builder_version=\u00a0\u00bb4.27.4&Prime; _module_preset=\u00a0\u00bbdefault\u00a0\u00bb global_colors_info=\u00a0\u00bb{}\u00a0\u00bb][\/et_pb_image][\/et_pb_column][et_pb_column type=\u00a0\u00bb3_4&Prime; _builder_version=\u00a0\u00bb4.16&Prime; _module_preset=\u00a0\u00bbdefault\u00a0\u00bb global_colors_info=\u00a0\u00bb{}\u00a0\u00bb][et_pb_divider _builder_version=\u00a0\u00bb4.20.0&Prime; _module_preset=\u00a0\u00bbdefault\u00a0\u00bb global_colors_info=\u00a0\u00bb{}\u00a0\u00bb][\/et_pb_divider][et_pb_text admin_label=\u00a0\u00bbAtlantic Mentorship Resident \u00a0\u00bb _builder_version=\u00a0\u00bb4.27.4&Prime; header_font=\u00a0\u00bbMerriweather|700||on|||||\u00a0\u00bb header_text_align=\u00a0\u00bbcenter\u00a0\u00bb header_text_color=\u00a0\u00bb#e02b20&Prime; header_font_size=\u00a0\u00bb28px\u00a0\u00bb header_line_height=\u00a0\u00bb1.3em\u00a0\u00bb custom_margin=\u00a0\u00bb||0px|\u00a0\u00bb animation_style=\u00a0\u00bbflip\u00a0\u00bb animation_direction=\u00a0\u00bbtop\u00a0\u00bb global_colors_info=\u00a0\u00bb{}\u00a0\u00bb]<\/p>\n<h4>Dre Jenna MacGregor<br \/>Prix atlantique en reconnaissance du mentorat exerc\u00e9 2025<\/h4>\n<p><em>Dr. Jenna MacGregor recently completed her General Internal Medicine training at Dalhousie University and is now practicing at the Queen Elizabeth Hospital in Charlottetown, PEI. Although early in her career, her goal is to remain a generalist by providing comprehensive care in community practice, with an interest in hypertensive disorders of pregnancy.<\/em><\/p>\n<p><em>Outside of medicine, she enjoys running, cooking, and exploring her new home on the Island.<\/em><\/p>\n<p>&nbsp;<\/p>\n<p>[\/et_pb_text][\/et_pb_column][\/et_pb_row][et_pb_row column_structure=\u00a0\u00bb1_4,3_4&Prime; use_custom_gutter=\u00a0\u00bbon\u00a0\u00bb gutter_width=\u00a0\u00bb4&Prime; make_equal=\u00a0\u00bbon\u00a0\u00bb _builder_version=\u00a0\u00bb4.20.0&Prime; _module_preset=\u00a0\u00bbdefault\u00a0\u00bb width=\u00a0\u00bb100%\u00a0\u00bb global_colors_info=\u00a0\u00bb{}\u00a0\u00bb][et_pb_column type=\u00a0\u00bb1_4&Prime; _builder_version=\u00a0\u00bb4.16&Prime; _module_preset=\u00a0\u00bbdefault\u00a0\u00bb global_colors_info=\u00a0\u00bb{}\u00a0\u00bb][et_pb_divider _builder_version=\u00a0\u00bb4.16&Prime; _module_preset=\u00a0\u00bbdefault\u00a0\u00bb global_colors_info=\u00a0\u00bb{}\u00a0\u00bb][\/et_pb_divider][et_pb_image src=\u00a0\u00bbhttps:\/\/csim.ca\/wp-content\/uploads\/2025\/12\/Headshot-photo-Eshita-Kapoor-scaled.jpeg\u00a0\u00bb alt=\u00a0\u00bbDr Fahad Razak\u00a0\u00bb title_text=\u00a0\u00bbHeadshot photo &#8211; Eshita Kapoor\u00a0\u00bb _builder_version=\u00a0\u00bb4.27.4&Prime; _module_preset=\u00a0\u00bbdefault\u00a0\u00bb global_colors_info=\u00a0\u00bb{}\u00a0\u00bb][\/et_pb_image][\/et_pb_column][et_pb_column type=\u00a0\u00bb3_4&Prime; _builder_version=\u00a0\u00bb4.16&Prime; _module_preset=\u00a0\u00bbdefault\u00a0\u00bb global_colors_info=\u00a0\u00bb{}\u00a0\u00bb][et_pb_divider _builder_version=\u00a0\u00bb4.20.0&Prime; _module_preset=\u00a0\u00bbdefault\u00a0\u00bb global_colors_info=\u00a0\u00bb{}\u00a0\u00bb][\/et_pb_divider][et_pb_text admin_label=\u00a0\u00bbNational Mentorship \u00a0\u00bb _builder_version=\u00a0\u00bb4.27.4&Prime; header_font=\u00a0\u00bbMerriweather|700||on|||||\u00a0\u00bb header_text_align=\u00a0\u00bbcenter\u00a0\u00bb header_text_color=\u00a0\u00bb#e02b20&Prime; header_font_size=\u00a0\u00bb28px\u00a0\u00bb header_line_height=\u00a0\u00bb1.3em\u00a0\u00bb custom_margin=\u00a0\u00bb||0px|\u00a0\u00bb animation_style=\u00a0\u00bbflip\u00a0\u00bb animation_direction=\u00a0\u00bbtop\u00a0\u00bb global_colors_info=\u00a0\u00bb{}\u00a0\u00bb]<\/p>\n<h4>Dre Eshita Kapoor<br \/>Prix national en reconnaissance du mentorat exerc\u00e9 2025<\/h4>\n<p><em>Dr. Eshita Kapoor is a subspecialty resident (PGY6) in General Internal Medicine at the University of Toronto. She also completed her undergraduate studies, medical school, and core Internal Medicine residency at the University of Toronto, including a year as Chief Medical Resident.<\/em><\/p>\n<div class='et-learn-more clearfix'>\n\t\t\t\t\t<h3 class='heading-more'>Biographie compl\u00e8te<span class='et_learnmore_arrow'><span><\/span><\/span><\/h3>\n\t\t\t\t\t<div class='learn-more-content'><em>Her interests include mentorship, teaching, and educational leadership, with a focus on supporting learners through key transitions in training and fostering a positive workplace environment. Throughout her training, she has been involved in the development of various mentorship initiatives, all of which have been aimed at fostering learner growth and well-being.<\/em><\/p>\n<p><em>She is deeply grateful for the mentorship that she has received throughout her own training, and remains committed to paying this forward. One of her greatest professional joys lies in working with her learners on a daily basis \u2014 supporting their development, celebrating their successes, and learning alongside them continues to be among the most meaningful and rewarding aspects of her work.<\/em><\/div>\n\t\t\t\t<\/div>\n<p>[\/et_pb_text][\/et_pb_column][\/et_pb_row][et_pb_row column_structure=\u00a0\u00bb1_4,3_4&Prime; use_custom_gutter=\u00a0\u00bbon\u00a0\u00bb gutter_width=\u00a0\u00bb4&Prime; make_equal=\u00a0\u00bbon\u00a0\u00bb _builder_version=\u00a0\u00bb4.20.0&Prime; _module_preset=\u00a0\u00bbdefault\u00a0\u00bb width=\u00a0\u00bb100%\u00a0\u00bb global_colors_info=\u00a0\u00bb{}\u00a0\u00bb][et_pb_column type=\u00a0\u00bb1_4&Prime; _builder_version=\u00a0\u00bb4.16&Prime; _module_preset=\u00a0\u00bbdefault\u00a0\u00bb global_colors_info=\u00a0\u00bb{}\u00a0\u00bb][et_pb_divider _builder_version=\u00a0\u00bb4.16&Prime; _module_preset=\u00a0\u00bbdefault\u00a0\u00bb global_colors_info=\u00a0\u00bb{}\u00a0\u00bb][\/et_pb_divider][et_pb_image src=\u00a0\u00bbhttps:\/\/csim.ca\/wp-content\/uploads\/2025\/12\/kara-nerenberg_2018-5-scaled.jpg\u00a0\u00bb alt=\u00a0\u00bbDr Matthew Patel\u00a0\u00bb title_text=\u00a0\u00bbkara nerenberg_2018 (5)\u00a0\u00bb _builder_version=\u00a0\u00bb4.27.4&Prime; _module_preset=\u00a0\u00bbdefault\u00a0\u00bb global_colors_info=\u00a0\u00bb{}\u00a0\u00bb][\/et_pb_image][\/et_pb_column][et_pb_column type=\u00a0\u00bb3_4&Prime; _builder_version=\u00a0\u00bb4.16&Prime; _module_preset=\u00a0\u00bbdefault\u00a0\u00bb global_colors_info=\u00a0\u00bb{}\u00a0\u00bb][et_pb_divider _builder_version=\u00a0\u00bb4.20.0&Prime; _module_preset=\u00a0\u00bbdefault\u00a0\u00bb global_colors_info=\u00a0\u00bb{}\u00a0\u00bb][\/et_pb_divider][et_pb_text admin_label=\u00a0\u00bbNational Mentorship P\u00a0\u00bb _builder_version=\u00a0\u00bb4.27.4&Prime; header_font=\u00a0\u00bbMerriweather|700||on|||||\u00a0\u00bb header_text_align=\u00a0\u00bbcenter\u00a0\u00bb header_text_color=\u00a0\u00bb#e02b20&Prime; header_font_size=\u00a0\u00bb28px\u00a0\u00bb header_line_height=\u00a0\u00bb1.3em\u00a0\u00bb custom_margin=\u00a0\u00bb||0px|\u00a0\u00bb animation_style=\u00a0\u00bbflip\u00a0\u00bb animation_direction=\u00a0\u00bbtop\u00a0\u00bb global_colors_info=\u00a0\u00bb{}\u00a0\u00bb]<\/p>\n<h4>Dre Kara Nerenberg<br \/>Prix national en reconnaissance du mentorat exerc\u00e9 2025<\/h4>\n<p><em>Dr. Kara Nerenberg is an Associate Professor and Clinician-Scientist at the University of Calgary working in the clinical areas of General Internal Medicine and Obstetric Medicine. Dr. Nerenberg\u2019s clinical and research focus is on the prevention of cardiometabolic diseases in women after common reproductive events, mainly the hypertensive disorders of pregnancy. Her research is supported by CIHR and Heart &amp; Stroke\u2019s Women\u2019s Heart and Brain Health Mid-Career Research Chair. The contributions of her research on the heart and brain health of Canadian women were recently recognized with a King Charles III Coronation Medal.<\/em><\/p>\n<p><em>Dr. Nerenberg\u2019s other main academic interest is providing mentorship to trainees at all career stages to support development of their independent academic career plans, with a goal of advancing the academic capacity of General Internal Medicine in Canada.<\/em><\/p>\n<p>[\/et_pb_text][\/et_pb_column][\/et_pb_row][et_pb_row column_structure=\u00a0\u00bb1_4,3_4&Prime; use_custom_gutter=\u00a0\u00bbon\u00a0\u00bb gutter_width=\u00a0\u00bb4&Prime; make_equal=\u00a0\u00bbon\u00a0\u00bb _builder_version=\u00a0\u00bb4.20.0&Prime; _module_preset=\u00a0\u00bbdefault\u00a0\u00bb width=\u00a0\u00bb100%\u00a0\u00bb global_colors_info=\u00a0\u00bb{}\u00a0\u00bb][et_pb_column type=\u00a0\u00bb1_4&Prime; _builder_version=\u00a0\u00bb4.16&Prime; _module_preset=\u00a0\u00bbdefault\u00a0\u00bb global_colors_info=\u00a0\u00bb{}\u00a0\u00bb][et_pb_divider _builder_version=\u00a0\u00bb4.27.3&Prime; _module_preset=\u00a0\u00bbdefault\u00a0\u00bb global_colors_info=\u00a0\u00bb{}\u00a0\u00bb][\/et_pb_divider][et_pb_image src=\u00a0\u00bbhttps:\/\/csim.ca\/wp-content\/uploads\/2025\/12\/MK_crop_3226-scaled.jpg\u00a0\u00bb alt=\u00a0\u00bbDre Ayelet Kuper\u00a0\u00bb title_text=\u00a0\u00bbMK_crop_3226&Prime; _builder_version=\u00a0\u00bb4.27.4&Prime; _module_preset=\u00a0\u00bbdefault\u00a0\u00bb global_colors_info=\u00a0\u00bb{}\u00a0\u00bb][\/et_pb_image][\/et_pb_column][et_pb_column type=\u00a0\u00bb3_4&Prime; _builder_version=\u00a0\u00bb4.16&Prime; _module_preset=\u00a0\u00bbdefault\u00a0\u00bb global_colors_info=\u00a0\u00bb{}\u00a0\u00bb][et_pb_divider _builder_version=\u00a0\u00bb4.16&Prime; _module_preset=\u00a0\u00bbdefault\u00a0\u00bb global_colors_info=\u00a0\u00bb{}\u00a0\u00bb][\/et_pb_divider][et_pb_text admin_label=\u00a0\u00bbSIA \u00a0\u00bb _builder_version=\u00a0\u00bb4.27.4&Prime; header_font=\u00a0\u00bbMerriweather|700||on|||||\u00a0\u00bb header_text_align=\u00a0\u00bbcenter\u00a0\u00bb header_text_color=\u00a0\u00bb#e02b20&Prime; header_font_size=\u00a0\u00bb28px\u00a0\u00bb header_line_height=\u00a0\u00bb1.3em\u00a0\u00bb custom_margin=\u00a0\u00bb||0px|\u00a0\u00bb animation_style=\u00a0\u00bbflip\u00a0\u00bb animation_direction=\u00a0\u00bbtop\u00a0\u00bb global_colors_info=\u00a0\u00bb{}\u00a0\u00bb]<\/p>\n<h4>Dre Moira Kapral<br \/>Prix d\u2019excellence destin\u00e9 \u00e0 un chercheur chevronn\u00e9 2025<\/h4>\n<p><em>Dr. Moira Kapral is the Sir John and Lady Eaton Chair and Professor of Medicine at the University of Toronto. She is a staff physician at the Toronto General Hospital, where she attends on the internal medicine clinical teaching units. She performs health services research with a focus on inequities in stroke care and outcomes, and she is co-principal investigator of the Ontario Stroke Registry. She is a senior scientist at ICES and the Toronto General Hospital Research Institute. She has held over $20 million in grant funding and has over 270 publications in the peer-reviewed literature. She has received the Kenton Award for Disparities Research from the American Stroke Association and the Distinguished Service Award from the Canadian Society of Internal Medicine.<\/em><\/p>\n<p>&nbsp;<\/p>\n<p>[\/et_pb_text][\/et_pb_column][\/et_pb_row][et_pb_row column_structure=\u00a0\u00bb1_4,3_4&Prime; use_custom_gutter=\u00a0\u00bbon\u00a0\u00bb gutter_width=\u00a0\u00bb4&Prime; make_equal=\u00a0\u00bbon\u00a0\u00bb _builder_version=\u00a0\u00bb4.20.0&Prime; _module_preset=\u00a0\u00bbdefault\u00a0\u00bb width=\u00a0\u00bb100%\u00a0\u00bb global_colors_info=\u00a0\u00bb{}\u00a0\u00bb][et_pb_column type=\u00a0\u00bb1_4&Prime; _builder_version=\u00a0\u00bb4.16&Prime; _module_preset=\u00a0\u00bbdefault\u00a0\u00bb global_colors_info=\u00a0\u00bb{}\u00a0\u00bb][et_pb_divider _builder_version=\u00a0\u00bb4.16&Prime; _module_preset=\u00a0\u00bbdefault\u00a0\u00bb global_colors_info=\u00a0\u00bb{}\u00a0\u00bb][\/et_pb_divider][et_pb_image src=\u00a0\u00bbhttps:\/\/csim.ca\/wp-content\/uploads\/2025\/12\/Photo_GROWW-scaled.png\u00a0\u00bb alt=\u00a0\u00bbDr. Michael Quon\u00a0\u00bb title_text=\u00a0\u00bbPhoto_GROWW\u00a0\u00bb _builder_version=\u00a0\u00bb4.27.4&Prime; _module_preset=\u00a0\u00bbdefault\u00a0\u00bb global_colors_info=\u00a0\u00bb{}\u00a0\u00bb][\/et_pb_image][\/et_pb_column][et_pb_column type=\u00a0\u00bb3_4&Prime; _builder_version=\u00a0\u00bb4.16&Prime; _module_preset=\u00a0\u00bbdefault\u00a0\u00bb global_colors_info=\u00a0\u00bb{}\u00a0\u00bb][et_pb_divider _builder_version=\u00a0\u00bb4.16&Prime; _module_preset=\u00a0\u00bbdefault\u00a0\u00bb global_colors_info=\u00a0\u00bb{}\u00a0\u00bb][\/et_pb_divider][et_pb_text admin_label=\u00a0\u00bbNIA \u00a0\u00bb _builder_version=\u00a0\u00bb4.27.4&Prime; header_font=\u00a0\u00bbMerriweather|700||on|||||\u00a0\u00bb header_text_align=\u00a0\u00bbcenter\u00a0\u00bb header_text_color=\u00a0\u00bb#e02b20&Prime; header_font_size=\u00a0\u00bb28px\u00a0\u00bb header_line_height=\u00a0\u00bb1.3em\u00a0\u00bb custom_margin=\u00a0\u00bb||0px|\u00a0\u00bb animation_style=\u00a0\u00bbflip\u00a0\u00bb animation_direction=\u00a0\u00bbtop\u00a0\u00bb global_colors_info=\u00a0\u00bb{}\u00a0\u00bb]<\/p>\n<h4>Dre Isabelle Malham\u00e9<br \/>Prix d\u2019excellence destin\u00e9 \u00e0 un chercheur d\u00e9butant 2025<\/h4>\n<p><em>Dr. Isabelle Malham\u00e9 completed her subspecialty training in General Internal Medicine and a Master\u2019s thesis in Epidemiology at McGill University in Montreal, followed by a fellowship in Obstetric and Consultative Medicine at Brown University in Providence. She began her academic career in 2019 as an Assistant Professor in the Division of General Internal Medicine at the McGill University Health Centre. In August 2025, she was appointed Associate Professor at Sainte-Justine Hospital, Montreal\u2019s mother and child hospital, where she will continue to advance the field of Obstetric Medicine.<\/em><\/p>\n<div class='et-learn-more clearfix'>\n\t\t\t\t\t<h3 class='heading-more'>Biographie compl\u00e8te<span class='et_learnmore_arrow'><span><\/span><\/span><\/h3>\n\t\t\t\t\t<div class='learn-more-content'><em>Dr. Malham\u00e9\u2019s research focuses on severe maternal morbidity, including from cardiovascular and thromboembolic conditions. Her work is supported by the Fonds de recherche du Qu\u00e9bec \u2013 Sant\u00e9, the Canadian Institutes of Health Research, and the Heart and Stroke Foundation. In 2022, she received an Early Career Investigator Award from the Gairdner Foundation and the Canada Gairdner Awards in recognition of her contributions to improving maternal health.<\/em><\/div>\n\t\t\t\t<\/div>\n<p>&nbsp;<\/p>\n<p>[\/et_pb_text][\/et_pb_column][\/et_pb_row][et_pb_row column_structure=\u00a0\u00bb1_4,3_4&Prime; use_custom_gutter=\u00a0\u00bbon\u00a0\u00bb gutter_width=\u00a0\u00bb4&Prime; make_equal=\u00a0\u00bbon\u00a0\u00bb disabled_on=\u00a0\u00bboff|off|off\u00a0\u00bb _builder_version=\u00a0\u00bb4.27.4&Prime; _module_preset=\u00a0\u00bbdefault\u00a0\u00bb width=\u00a0\u00bb100%\u00a0\u00bb hover_enabled=\u00a0\u00bb0&Prime; global_colors_info=\u00a0\u00bb{}\u00a0\u00bb sticky_enabled=\u00a0\u00bb0&Prime;][et_pb_column type=\u00a0\u00bb1_4&Prime; _builder_version=\u00a0\u00bb4.16&Prime; _module_preset=\u00a0\u00bbdefault\u00a0\u00bb global_colors_info=\u00a0\u00bb{}\u00a0\u00bb][et_pb_divider _builder_version=\u00a0\u00bb4.20.0&Prime; _module_preset=\u00a0\u00bbdefault\u00a0\u00bb global_colors_info=\u00a0\u00bb{}\u00a0\u00bb][\/et_pb_divider][et_pb_image src=\u00a0\u00bbhttps:\/\/csim.ca\/wp-content\/uploads\/2026\/02\/Maude-Cameron-Gange.png\u00a0\u00bb alt=\u00a0\u00bbDr Kieran Quinn\u00a0\u00bb title_text=\u00a0\u00bbMaude Cameron Gange\u00a0\u00bb _builder_version=\u00a0\u00bb4.27.4&Prime; _module_preset=\u00a0\u00bbdefault\u00a0\u00bb hover_enabled=\u00a0\u00bb0&Prime; global_colors_info=\u00a0\u00bb{}\u00a0\u00bb sticky_enabled=\u00a0\u00bb0&Prime;][\/et_pb_image][\/et_pb_column][et_pb_column type=\u00a0\u00bb3_4&Prime; _builder_version=\u00a0\u00bb4.16&Prime; _module_preset=\u00a0\u00bbdefault\u00a0\u00bb global_colors_info=\u00a0\u00bb{}\u00a0\u00bb][et_pb_divider _builder_version=\u00a0\u00bb4.20.0&Prime; _module_preset=\u00a0\u00bbdefault\u00a0\u00bb global_colors_info=\u00a0\u00bb{}\u00a0\u00bb][\/et_pb_divider][et_pb_text admin_label=\u00a0\u00bbHP Maude\u00a0\u00bb _builder_version=\u00a0\u00bb4.27.4&Prime; header_font=\u00a0\u00bbMerriweather|700||on|||||\u00a0\u00bb header_text_align=\u00a0\u00bbcenter\u00a0\u00bb header_text_color=\u00a0\u00bb#e02b20&Prime; header_font_size=\u00a0\u00bb28px\u00a0\u00bb header_line_height=\u00a0\u00bb1.3em\u00a0\u00bb custom_margin=\u00a0\u00bb||0px|\u00a0\u00bb animation_style=\u00a0\u00bbflip\u00a0\u00bb animation_direction=\u00a0\u00bbtop\u00a0\u00bb hover_enabled=\u00a0\u00bb0&Prime; global_colors_info=\u00a0\u00bb{}\u00a0\u00bb sticky_enabled=\u00a0\u00bb0&Prime;]<\/p>\n<h4>Dre Maude Cameron-Gagn\u00e9<br \/>Bourse d\u2019\u00e9tudes en promotion de la sant\u00e9 2025<\/h4>\n<p><em>Maude Cameron-Gagn\u00e9, MD, is an internist at the Institut universitaire de cardiologie et de pneumologie de Qu\u00e9bec (IUCPQ) and a graduate of Universit\u00e9 Laval. She completed advanced fellowship training in young adult obesity at McGill University and is about to complete advanced fellowship training in genetic obesity at Universit\u00e9 de la Sorbonne in Paris.<\/em><\/p>\n<div class='et-learn-more clearfix'>\n\t\t\t\t\t<h3 class='heading-more'>Full biography<span class='et_learnmore_arrow'><span><\/span><\/span><\/h3>\n\t\t\t\t\t<div class='learn-more-content'><em>Her clinical and research work focuses on monogenic and syndromic forms of obesity, hypothalamic pathways, and the integration of genetic testing into clinical care. This work promotes health equity and helps reduce weight-related stigma by recognizing genetic determinants of obesity that are beyond individual control.<\/em><\/p>\n<p><em>She is actively involved in building a Qu\u00e9bec and pan-Canadian clinical trajectory for patients with rare and complex obesity. In her future work, she aims to leverage her training from both McGill and Paris to advocate for sustained governmental investment in multidisciplinary obesity programs.<\/em><\/p>\n<p><em>Equitable access to comprehensive care\u2014combining medical, nutritional, psychological, and physical activity interventions\u2014must become a cornerstone of chronic disease management in Canada.<\/em><\/p><\/div>\n\t\t\t\t<\/div>\n<p>[\/et_pb_text][\/et_pb_column][\/et_pb_row][et_pb_row column_structure=\u00a0\u00bb1_4,3_4&Prime; use_custom_gutter=\u00a0\u00bbon\u00a0\u00bb gutter_width=\u00a0\u00bb4&Prime; make_equal=\u00a0\u00bbon\u00a0\u00bb disabled_on=\u00a0\u00bboff|off|off\u00a0\u00bb _builder_version=\u00a0\u00bb4.27.4&Prime; _module_preset=\u00a0\u00bbdefault\u00a0\u00bb width=\u00a0\u00bb100%\u00a0\u00bb global_colors_info=\u00a0\u00bb{}\u00a0\u00bb][et_pb_column type=\u00a0\u00bb1_4&Prime; _builder_version=\u00a0\u00bb4.16&Prime; _module_preset=\u00a0\u00bbdefault\u00a0\u00bb global_colors_info=\u00a0\u00bb{}\u00a0\u00bb][et_pb_divider _builder_version=\u00a0\u00bb4.16&Prime; _module_preset=\u00a0\u00bbdefault\u00a0\u00bb global_colors_info=\u00a0\u00bb{}\u00a0\u00bb][\/et_pb_divider][et_pb_image src=\u00a0\u00bbhttps:\/\/csim.ca\/wp-content\/uploads\/2025\/12\/Clara-Lu-photo.jpg\u00a0\u00bb alt=\u00a0\u00bbTehfe, Hadi\u00a0\u00bb title_text=\u00a0\u00bbClara Lu photo\u00a0\u00bb _builder_version=\u00a0\u00bb4.27.4&Prime; _module_preset=\u00a0\u00bbdefault\u00a0\u00bb global_colors_info=\u00a0\u00bb{}\u00a0\u00bb][\/et_pb_image][\/et_pb_column][et_pb_column type=\u00a0\u00bb3_4&Prime; _builder_version=\u00a0\u00bb4.16&Prime; _module_preset=\u00a0\u00bbdefault\u00a0\u00bb global_colors_info=\u00a0\u00bb{}\u00a0\u00bb][et_pb_divider _builder_version=\u00a0\u00bb4.20.0&Prime; _module_preset=\u00a0\u00bbdefault\u00a0\u00bb global_colors_info=\u00a0\u00bb{}\u00a0\u00bb][\/et_pb_divider][et_pb_text admin_label=\u00a0\u00bbMed Ed\u00a0\u00bb _builder_version=\u00a0\u00bb4.27.4&Prime; header_font=\u00a0\u00bbMerriweather|700||on|||||\u00a0\u00bb header_text_align=\u00a0\u00bbcenter\u00a0\u00bb header_text_color=\u00a0\u00bb#e02b20&Prime; header_font_size=\u00a0\u00bb28px\u00a0\u00bb header_line_height=\u00a0\u00bb1.3em\u00a0\u00bb custom_margin=\u00a0\u00bb||0px|\u00a0\u00bb animation_style=\u00a0\u00bbflip\u00a0\u00bb animation_direction=\u00a0\u00bbtop\u00a0\u00bb global_colors_info=\u00a0\u00bb{}\u00a0\u00bb]<\/p>\n<h4>Prix d\u2019\u00e9ducation m\u00e9dicale 2025<br \/>Dre Clara Lu<\/h4>\n<p><em>Dr. Clara Lu (she\/her) practices in Ottawa as a general internist and assistant professor with the Division of General Internal Medicine. She has an Area of Focused Competence in Addiction Medicine, working as a consultant physician and Education Lead for the Substance Use Program at The Ottawa Hospital. Clara\u2019s career passions include medical education and evidence appraisal related to social medicine, health equity, and addiction medicine. She leads a team that recently launched an elective Social Medicine Rotation for senior internal medicine trainees at the University of Ottawa.<\/em><\/p>\n<p>[\/et_pb_text][\/et_pb_column][\/et_pb_row][et_pb_row column_structure=\u00a0\u00bb1_4,3_4&Prime; use_custom_gutter=\u00a0\u00bbon\u00a0\u00bb gutter_width=\u00a0\u00bb4&Prime; make_equal=\u00a0\u00bbon\u00a0\u00bb disabled_on=\u00a0\u00bboff|off|off\u00a0\u00bb _builder_version=\u00a0\u00bb4.27.4&Prime; _module_preset=\u00a0\u00bbdefault\u00a0\u00bb width=\u00a0\u00bb100%\u00a0\u00bb hover_enabled=\u00a0\u00bb0&Prime; global_colors_info=\u00a0\u00bb{}\u00a0\u00bb sticky_enabled=\u00a0\u00bb0&Prime;][et_pb_column type=\u00a0\u00bb1_4&Prime; _builder_version=\u00a0\u00bb4.16&Prime; _module_preset=\u00a0\u00bbdefault\u00a0\u00bb global_colors_info=\u00a0\u00bb{}\u00a0\u00bb][et_pb_divider _builder_version=\u00a0\u00bb4.16&Prime; _module_preset=\u00a0\u00bbdefault\u00a0\u00bb global_colors_info=\u00a0\u00bb{}\u00a0\u00bb][\/et_pb_divider][et_pb_image src=\u00a0\u00bbhttps:\/\/csim.ca\/wp-content\/uploads\/2026\/02\/Laura-Profile-Photo-2025.jpg\u00a0\u00bb alt=\u00a0\u00bbDaniele Valentini\u00a0\u00bb title_text=\u00a0\u00bbLaura Profile Photo 2025&Prime; _builder_version=\u00a0\u00bb4.27.4&Prime; _module_preset=\u00a0\u00bbdefault\u00a0\u00bb hover_enabled=\u00a0\u00bb0&Prime; global_colors_info=\u00a0\u00bb{}\u00a0\u00bb sticky_enabled=\u00a0\u00bb0&Prime;][\/et_pb_image][\/et_pb_column][et_pb_column type=\u00a0\u00bb3_4&Prime; _builder_version=\u00a0\u00bb4.16&Prime; _module_preset=\u00a0\u00bbdefault\u00a0\u00bb global_colors_info=\u00a0\u00bb{}\u00a0\u00bb][et_pb_divider _builder_version=\u00a0\u00bb4.16&Prime; _module_preset=\u00a0\u00bbdefault\u00a0\u00bb global_colors_info=\u00a0\u00bb{}\u00a0\u00bb][\/et_pb_divider][et_pb_text admin_label=\u00a0\u00bbEducation and Res Fund Laura Dawson\u00a0\u00bb _builder_version=\u00a0\u00bb4.27.4&Prime; header_font=\u00a0\u00bbMerriweather|700||on|||||\u00a0\u00bb header_text_align=\u00a0\u00bbcenter\u00a0\u00bb header_text_color=\u00a0\u00bb#e02b20&Prime; header_font_size=\u00a0\u00bb28px\u00a0\u00bb header_line_height=\u00a0\u00bb1.3em\u00a0\u00bb custom_margin=\u00a0\u00bb||0px|\u00a0\u00bb animation_style=\u00a0\u00bbflip\u00a0\u00bb animation_direction=\u00a0\u00bbtop\u00a0\u00bb hover_enabled=\u00a0\u00bb0&Prime; global_colors_info=\u00a0\u00bb{}\u00a0\u00bb sticky_enabled=\u00a0\u00bb0&Prime;]<\/p>\n<h4>Fonds de recherche et d\u2019\u00e9ducation 2025<br \/>Dre Laura Dawson<\/h4>\n<p><em>Laura Dawson is a General Internal Medicine fellow at Queen\u2019s University with special interests in standards of care, health policy, knowledge translation, and medical education. She completed her undergraduate medical training and core Internal Medicine residency at McMaster University.<\/em><\/p>\n<p>[\/et_pb_text][\/et_pb_column][\/et_pb_row][et_pb_row column_structure=\u00a0\u00bb1_4,3_4&Prime; use_custom_gutter=\u00a0\u00bbon\u00a0\u00bb gutter_width=\u00a0\u00bb4&Prime; make_equal=\u00a0\u00bbon\u00a0\u00bb disabled_on=\u00a0\u00bboff|off|off\u00a0\u00bb _builder_version=\u00a0\u00bb4.27.4&Prime; _module_preset=\u00a0\u00bbdefault\u00a0\u00bb width=\u00a0\u00bb100%\u00a0\u00bb hover_enabled=\u00a0\u00bb0&Prime; global_colors_info=\u00a0\u00bb{}\u00a0\u00bb sticky_enabled=\u00a0\u00bb0&Prime;][et_pb_column type=\u00a0\u00bb1_4&Prime; _builder_version=\u00a0\u00bb4.16&Prime; _module_preset=\u00a0\u00bbdefault\u00a0\u00bb global_colors_info=\u00a0\u00bb{}\u00a0\u00bb][et_pb_divider _builder_version=\u00a0\u00bb4.16&Prime; _module_preset=\u00a0\u00bbdefault\u00a0\u00bb global_colors_info=\u00a0\u00bb{}\u00a0\u00bb][\/et_pb_divider][et_pb_image src=\u00a0\u00bbhttps:\/\/csim.ca\/wp-content\/uploads\/2026\/02\/Yaseen-Wid-scaled.jpg\u00a0\u00bb alt=\u00a0\u00bbDaniele Valentini\u00a0\u00bb title_text=\u00a0\u00bbYaseen, Wid\u00a0\u00bb _builder_version=\u00a0\u00bb4.27.4&Prime; _module_preset=\u00a0\u00bbdefault\u00a0\u00bb hover_enabled=\u00a0\u00bb0&Prime; global_colors_info=\u00a0\u00bb{}\u00a0\u00bb sticky_enabled=\u00a0\u00bb0&Prime;][\/et_pb_image][\/et_pb_column][et_pb_column type=\u00a0\u00bb3_4&Prime; _builder_version=\u00a0\u00bb4.16&Prime; _module_preset=\u00a0\u00bbdefault\u00a0\u00bb global_colors_info=\u00a0\u00bb{}\u00a0\u00bb][et_pb_divider _builder_version=\u00a0\u00bb4.16&Prime; _module_preset=\u00a0\u00bbdefault\u00a0\u00bb global_colors_info=\u00a0\u00bb{}\u00a0\u00bb][\/et_pb_divider][et_pb_text admin_label=\u00a0\u00bbEducation and Res Fund Wid Yaseen\u00a0\u00bb _builder_version=\u00a0\u00bb4.27.4&Prime; header_font=\u00a0\u00bbMerriweather|700||on|||||\u00a0\u00bb header_text_align=\u00a0\u00bbcenter\u00a0\u00bb header_text_color=\u00a0\u00bb#e02b20&Prime; header_font_size=\u00a0\u00bb28px\u00a0\u00bb header_line_height=\u00a0\u00bb1.3em\u00a0\u00bb custom_margin=\u00a0\u00bb||0px|\u00a0\u00bb animation_style=\u00a0\u00bbflip\u00a0\u00bb animation_direction=\u00a0\u00bbtop\u00a0\u00bb hover_enabled=\u00a0\u00bb0&Prime; global_colors_info=\u00a0\u00bb{}\u00a0\u00bb sticky_enabled=\u00a0\u00bb0&Prime;]<\/p>\n<h4>Fonds de recherche et d\u2019\u00e9ducation 2025<br \/>Dre Wid Yaseen<\/h4>\n<p><em>Wid Yaseen is a General Internal Medicine fellow at the University of Toronto with a strong interest in quality improvement methods to optimize care processes for patients on general medicine wards. She is concurrently completing a Master of Science in Quality Improvement and Patient Safety at the University of Toronto. She is committed to pursuing a career as an academic general internist and quality improvement leader.<\/em><\/p>\n<p>[\/et_pb_text][\/et_pb_column][\/et_pb_row][et_pb_row _builder_version=\u00a0\u00bb4.27.4&Prime; _module_preset=\u00a0\u00bbdefault\u00a0\u00bb global_colors_info=\u00a0\u00bb{}\u00a0\u00bb][et_pb_column type=\u00a0\u00bb4_4&Prime; _builder_version=\u00a0\u00bb4.16&Prime; _module_preset=\u00a0\u00bbdefault\u00a0\u00bb global_colors_info=\u00a0\u00bb{}\u00a0\u00bb][et_pb_divider _builder_version=\u00a0\u00bb4.20.0&Prime; _module_preset=\u00a0\u00bbdefault\u00a0\u00bb global_colors_info=\u00a0\u00bb{}\u00a0\u00bb][\/et_pb_divider][et_pb_text admin_label=\u00a0\u00bbAbstract Winners\u00a0\u00bb _builder_version=\u00a0\u00bb4.27.4&Prime; header_font=\u00a0\u00bbMerriweather|700||on|||||\u00a0\u00bb header_text_align=\u00a0\u00bbcenter\u00a0\u00bb header_text_color=\u00a0\u00bb#e02b20&Prime; header_font_size=\u00a0\u00bb28px\u00a0\u00bb header_line_height=\u00a0\u00bb1.3em\u00a0\u00bb custom_margin=\u00a0\u00bb||0px|\u00a0\u00bb animation_style=\u00a0\u00bbflip\u00a0\u00bb animation_direction=\u00a0\u00bbtop\u00a0\u00bb global_colors_info=\u00a0\u00bb{}\u00a0\u00bb]<\/p>\n<h4 style=\"text-align: center;\"><strong>Laur\u00e9ats des concours de r\u00e9sum\u00e9s 2025<\/strong><\/h4>\n<p>&nbsp;<\/p>\n<table class=\"alignleft\">\n<tbody>\n<tr>\n<td><strong>Recherche et am\u00e9lioration de la qualit\u00e9 &#8211; pr\u00e9sentations orales<\/strong><br \/>1 \u2013 Dre Annabel Chan, Universit\u00e9 Queen&rsquo;s<br \/>2 \u2013 Mlle Aishwarya Rajesh Krishnan, Universit\u00e9 de Toronto<br \/>3 \u2013 Dre Liv Cento, Universit\u00e9 de Toronto<\/td>\n<td valign=\"top\"><b>Vignettes cliniques<br \/><\/b>1 \u2013 Dre Myriam Le Quoc, Universit\u00e9 de Montr\u00e9al<br \/>2 \u2013 Dr Eagan Peters, Universit\u00e9 de Toronto<br \/>3 \u2013 Dre Orly Bogler, Universit\u00e9 de Toronto<\/td>\n<\/tr>\n<tr>\n<td valign=\"top\"><b><strong>Recherche et am\u00e9lioration de la qualit\u00e9 &#8211; affiches<\/strong><br \/><\/b>1 \u2013 Mlle Michelle Li, Universit\u00e9 McMaster<br \/>2 \u2013 Mlle Sezgi Yanikomeroglu, Universit\u00e9 de Toronto<br \/>3 \u2013 M. Charles Desgagn\u00e9, Universit\u00e9 McGill<\/td>\n<td valign=\"top\"><b>Affiches cliniques<br \/><\/b>1 \u2013 Mle Diya Ahmad, Universit\u00e9 de Toronto<br \/>2 \u2013 M. Jun Yi, Universit\u00e9 d&rsquo;Ottawa<br \/>3 \u2013 Dre Anique Le Roux, Universit\u00e9 d&rsquo;Ottawa<\/td>\n<\/tr>\n<\/tbody>\n<\/table>\n<p>[\/et_pb_text][et_pb_divider color=\u00a0\u00bb#FFFFFF\u00a0\u00bb _builder_version=\u00a0\u00bb4.20.0&Prime; _module_preset=\u00a0\u00bbdefault\u00a0\u00bb global_colors_info=\u00a0\u00bb{}\u00a0\u00bb][\/et_pb_divider][\/et_pb_column][\/et_pb_row][\/et_pb_section]<\/p>\n","protected":false},"excerpt":{"rendered":"<p>F\u00e9licitations aux laur\u00e9ats des prix SCMI 2025 !Dr James DouketisPrix en reconnaissance d\u2019\u00e9minents services rendus en m\u00e9decine interne g\u00e9n\u00e9rale 2025 Dr. James Douketis is Staff Physician in General Internal Medicine and Thromboembolism at St. Joseph\u2019s Healthcare Hamilton. He is Professor of Medicine and holds the David Braley-Nancy Gordon Chair in Thromboembolic Disease at McMaster University. [&hellip;]<\/p>\n","protected":false},"author":4,"featured_media":0,"parent":466,"menu_order":0,"comment_status":"closed","ping_status":"closed","template":"","meta":{"_et_pb_use_builder":"on","_et_pb_old_content":"","_et_gb_content_width":"","_monsterinsights_skip_tracking":false,"_monsterinsights_sitenote_active":false,"_monsterinsights_sitenote_note":"","_monsterinsights_sitenote_category":0,"footnotes":""},"class_list":["post-22537","page","type-page","status-publish","hentry"],"_links":{"self":[{"href":"https:\/\/csim.ca\/fr\/wp-json\/wp\/v2\/pages\/22537","targetHints":{"allow":["GET"]}}],"collection":[{"href":"https:\/\/csim.ca\/fr\/wp-json\/wp\/v2\/pages"}],"about":[{"href":"https:\/\/csim.ca\/fr\/wp-json\/wp\/v2\/types\/page"}],"author":[{"embeddable":true,"href":"https:\/\/csim.ca\/fr\/wp-json\/wp\/v2\/users\/4"}],"replies":[{"embeddable":true,"href":"https:\/\/csim.ca\/fr\/wp-json\/wp\/v2\/comments?post=22537"}],"version-history":[{"count":2,"href":"https:\/\/csim.ca\/fr\/wp-json\/wp\/v2\/pages\/22537\/revisions"}],"predecessor-version":[{"id":22727,"href":"https:\/\/csim.ca\/fr\/wp-json\/wp\/v2\/pages\/22537\/revisions\/22727"}],"up":[{"embeddable":true,"href":"https:\/\/csim.ca\/fr\/wp-json\/wp\/v2\/pages\/466"}],"wp:attachment":[{"href":"https:\/\/csim.ca\/fr\/wp-json\/wp\/v2\/media?parent=22537"}],"curies":[{"name":"wp","href":"https:\/\/api.w.org\/{rel}","templated":true}]}}